{"id":125410,"date":"2026-03-27T10:31:02","date_gmt":"2026-03-27T10:31:02","guid":{"rendered":"https:\/\/www.touristshopyerseke.nl\/agenda\/koenigstag-yerseke-2\/"},"modified":"2026-03-27T10:31:02","modified_gmt":"2026-03-27T10:31:02","slug":"koenigstag-yerseke-2","status":"publish","type":"mec-events","link":"https:\/\/www.touristshopyerseke.nl\/de\/agenda\/koenigstag-yerseke-2\/","title":{"rendered":"K\u00f6nigstag Yerseke"},"content":{"rendered":"<p data-start=\"227\" data-end=\"404\">Zur\u00fcckgeholt von <span class=\"hover:entity-accent entity-underline inline cursor-pointer align-baseline\"><span class=\"whitespace-normal\">Der K\u00f6nigstag<\/span><\/span> \u00e4ndert <span class=\"hover:entity-accent entity-underline inline cursor-pointer align-baseline\"><span class=\"whitespace-normal\">Yerseke<\/span><\/span> in ein festliches oranges Dorf voller Spa\u00df, Musik und Aktivit\u00e4ten f\u00fcr Jung und Alt.<\/p>\n<p data-start=\"406\" data-end=\"713\">An diesem j\u00e4hrlichen Feiertag steht das ganze Dorf im Zeichen des gemeinsamen Feierns. Die Besucher k\u00f6nnen eine lebhafte Atmosph\u00e4re mit lustigen Aktivit\u00e4ten, Spielen f\u00fcr Kinder, Musik und nat\u00fcrlich viel Spa\u00df auf den Stra\u00dfen genie\u00dfen. \u00dcberall herrscht die typische orangefarbene Atmosph\u00e4re, die den King&#8217;s Day so besonders macht.  <\/p>\n<p data-start=\"715\" data-end=\"993\">F\u00fcr viele Einwohner und Besucher ist der Dreik\u00f6nigstag die Zeit, um gemeinsam auszugehen, sich zu treffen und alles zu genie\u00dfen, was Yerseke zu bieten hat. Ob Sie nun wegen des Vergn\u00fcgens, der Aktivit\u00e4ten oder einfach nur wegen eines sch\u00f6nen Tages kommen: Es ist f\u00fcr jeden etwas dabei. <\/p>\n<p data-start=\"995\" data-end=\"1052\">Kommen Sie und feiern Sie mit uns den K\u00f6nigstag im Herzen von Zeeland!<\/p>\n","protected":false},"excerpt":{"rendered":"<p>Zur\u00fcckgeholt von Der K\u00f6nigstag \u00e4ndert Yerseke in ein festliches oranges Dorf voller Spa\u00df, Musik und Aktivit\u00e4ten f\u00fcr Jung und Alt. An diesem j\u00e4hrlichen Feiertag steht das ganze Dorf im Zeichen des gemeinsamen Feierns. Die Besucher k\u00f6nnen eine lebhafte Atmosph\u00e4re mit lustigen Aktivit\u00e4ten, Spielen f\u00fcr Kinder, Musik und nat\u00fcrlich viel Spa\u00df auf den Stra\u00dfen genie\u00dfen. \u00dcberall [&hellip;]<\/p>\n","protected":false},"author":5,"featured_media":125409,"comment_status":"open","ping_status":"closed","template":"","tags":[],"mec_category":[],"class_list":["post-125410","mec-events","type-mec-events","status-publish","has-post-thumbnail","hentry"],"acf":[],"yoast_head":"<!-- This site is optimized with the Yoast SEO plugin v27.2 - https:\/\/yoast.com\/product\/yoast-seo-wordpress\/ -->\n<title>K\u00f6nigstag Yerseke - Tourist Shop Yerseke<\/title>\n<meta name=\"description\" content=\"Feiern Sie den K\u00f6nigstag in Yerseke mit festlichen Aktivit\u00e4ten, orangefarbener Atmosph\u00e4re, Musik und Spa\u00df f\u00fcr Jung und Alt im Herzen von Zeeland.\" \/>\n<meta name=\"robots\" content=\"index, follow, max-snippet:-1, max-image-preview:large, max-video-preview:-1\" \/>\n<link rel=\"canonical\" href=\"https:\/\/www.touristshopyerseke.nl\/de\/agenda\/koenigstag-yerseke-2\/\" \/>\n<meta property=\"og:locale\" content=\"de_DE\" \/>\n<meta property=\"og:type\" content=\"article\" \/>\n<meta property=\"og:title\" content=\"K\u00f6nigstag Yerseke - Tourist Shop Yerseke\" \/>\n<meta property=\"og:description\" content=\"Feiern Sie den K\u00f6nigstag in Yerseke mit festlichen Aktivit\u00e4ten, orangefarbener Atmosph\u00e4re, Musik und Spa\u00df f\u00fcr Jung und Alt im Herzen von Zeeland.\" \/>\n<meta property=\"og:url\" content=\"https:\/\/www.touristshopyerseke.nl\/de\/agenda\/koenigstag-yerseke-2\/\" \/>\n<meta property=\"og:site_name\" content=\"Tourist Shop Yerseke\" \/>\n<meta property=\"og:image\" content=\"https:\/\/www.touristshopyerseke.nl\/wp-content\/uploads\/2026\/03\/koningsdag.jpg\" \/>\n\t<meta property=\"og:image:width\" content=\"1920\" \/>\n\t<meta property=\"og:image:height\" content=\"1440\" \/>\n\t<meta property=\"og:image:type\" content=\"image\/jpeg\" \/>\n<meta name=\"twitter:card\" content=\"summary_large_image\" \/>\n<meta name=\"twitter:label1\" content=\"Gesch\u00e4tzte Lesezeit\" \/>\n\t<meta name=\"twitter:data1\" content=\"1\u00a0Minute\" \/>\n<script type=\"application\/ld+json\" class=\"yoast-schema-graph\">{\"@context\":\"https:\/\/schema.org\",\"@graph\":[{\"@type\":\"WebPage\",\"@id\":\"https:\/\/www.touristshopyerseke.nl\/de\/agenda\/koenigstag-yerseke-2\/\",\"url\":\"https:\/\/www.touristshopyerseke.nl\/de\/agenda\/koenigstag-yerseke-2\/\",\"name\":\"K\u00f6nigstag Yerseke - Tourist Shop Yerseke\",\"isPartOf\":{\"@id\":\"https:\/\/www.touristshopyerseke.nl\/de\/#website\"},\"primaryImageOfPage\":{\"@id\":\"https:\/\/www.touristshopyerseke.nl\/de\/agenda\/koenigstag-yerseke-2\/#primaryimage\"},\"image\":{\"@id\":\"https:\/\/www.touristshopyerseke.nl\/de\/agenda\/koenigstag-yerseke-2\/#primaryimage\"},\"thumbnailUrl\":\"https:\/\/www.touristshopyerseke.nl\/wp-content\/uploads\/2026\/03\/koningsdag.jpg\",\"datePublished\":\"2026-03-27T10:31:02+00:00\",\"description\":\"Feiern Sie den K\u00f6nigstag in Yerseke mit festlichen Aktivit\u00e4ten, orangefarbener Atmosph\u00e4re, Musik und Spa\u00df f\u00fcr Jung und Alt im Herzen von Zeeland.\",\"breadcrumb\":{\"@id\":\"https:\/\/www.touristshopyerseke.nl\/de\/agenda\/koenigstag-yerseke-2\/#breadcrumb\"},\"inLanguage\":\"de\",\"potentialAction\":[{\"@type\":\"ReadAction\",\"target\":[\"https:\/\/www.touristshopyerseke.nl\/de\/agenda\/koenigstag-yerseke-2\/\"]}]},{\"@type\":\"ImageObject\",\"inLanguage\":\"de\",\"@id\":\"https:\/\/www.touristshopyerseke.nl\/de\/agenda\/koenigstag-yerseke-2\/#primaryimage\",\"url\":\"https:\/\/www.touristshopyerseke.nl\/wp-content\/uploads\/2026\/03\/koningsdag.jpg\",\"contentUrl\":\"https:\/\/www.touristshopyerseke.nl\/wp-content\/uploads\/2026\/03\/koningsdag.jpg\",\"width\":1920,\"height\":1440,\"caption\":\"Koningsdag Yerseke 2026\"},{\"@type\":\"BreadcrumbList\",\"@id\":\"https:\/\/www.touristshopyerseke.nl\/de\/agenda\/koenigstag-yerseke-2\/#breadcrumb\",\"itemListElement\":[{\"@type\":\"ListItem\",\"position\":1,\"name\":\"Home\",\"item\":\"https:\/\/www.touristshopyerseke.nl\/de\/\"},{\"@type\":\"ListItem\",\"position\":2,\"name\":\"Veranstaltungen\",\"item\":\"https:\/\/www.touristshopyerseke.nl\/de\/agenda\/\"},{\"@type\":\"ListItem\",\"position\":3,\"name\":\"K\u00f6nigstag Yerseke\"}]},{\"@type\":\"WebSite\",\"@id\":\"https:\/\/www.touristshopyerseke.nl\/de\/#website\",\"url\":\"https:\/\/www.touristshopyerseke.nl\/de\/\",\"name\":\"Tourist Shop Yerseke\",\"description\":\"\",\"potentialAction\":[{\"@type\":\"SearchAction\",\"target\":{\"@type\":\"EntryPoint\",\"urlTemplate\":\"https:\/\/www.touristshopyerseke.nl\/de\/?s={search_term_string}\"},\"query-input\":{\"@type\":\"PropertyValueSpecification\",\"valueRequired\":true,\"valueName\":\"search_term_string\"}}],\"inLanguage\":\"de\"}]}<\/script>\n<!-- \/ Yoast SEO plugin. -->","yoast_head_json":{"title":"K\u00f6nigstag Yerseke - Tourist Shop Yerseke","description":"Feiern Sie den K\u00f6nigstag in Yerseke mit festlichen Aktivit\u00e4ten, orangefarbener Atmosph\u00e4re, Musik und Spa\u00df f\u00fcr Jung und Alt im Herzen von Zeeland.","robots":{"index":"index","follow":"follow","max-snippet":"max-snippet:-1","max-image-preview":"max-image-preview:large","max-video-preview":"max-video-preview:-1"},"canonical":"https:\/\/www.touristshopyerseke.nl\/de\/agenda\/koenigstag-yerseke-2\/","og_locale":"de_DE","og_type":"article","og_title":"K\u00f6nigstag Yerseke - Tourist Shop Yerseke","og_description":"Feiern Sie den K\u00f6nigstag in Yerseke mit festlichen Aktivit\u00e4ten, orangefarbener Atmosph\u00e4re, Musik und Spa\u00df f\u00fcr Jung und Alt im Herzen von Zeeland.","og_url":"https:\/\/www.touristshopyerseke.nl\/de\/agenda\/koenigstag-yerseke-2\/","og_site_name":"Tourist Shop Yerseke","og_image":[{"width":1920,"height":1440,"url":"https:\/\/www.touristshopyerseke.nl\/wp-content\/uploads\/2026\/03\/koningsdag.jpg","type":"image\/jpeg"}],"twitter_card":"summary_large_image","twitter_misc":{"Gesch\u00e4tzte Lesezeit":"1\u00a0Minute"},"schema":{"@context":"https:\/\/schema.org","@graph":[{"@type":"WebPage","@id":"https:\/\/www.touristshopyerseke.nl\/de\/agenda\/koenigstag-yerseke-2\/","url":"https:\/\/www.touristshopyerseke.nl\/de\/agenda\/koenigstag-yerseke-2\/","name":"K\u00f6nigstag Yerseke - Tourist Shop Yerseke","isPartOf":{"@id":"https:\/\/www.touristshopyerseke.nl\/de\/#website"},"primaryImageOfPage":{"@id":"https:\/\/www.touristshopyerseke.nl\/de\/agenda\/koenigstag-yerseke-2\/#primaryimage"},"image":{"@id":"https:\/\/www.touristshopyerseke.nl\/de\/agenda\/koenigstag-yerseke-2\/#primaryimage"},"thumbnailUrl":"https:\/\/www.touristshopyerseke.nl\/wp-content\/uploads\/2026\/03\/koningsdag.jpg","datePublished":"2026-03-27T10:31:02+00:00","description":"Feiern Sie den K\u00f6nigstag in Yerseke mit festlichen Aktivit\u00e4ten, orangefarbener Atmosph\u00e4re, Musik und Spa\u00df f\u00fcr Jung und Alt im Herzen von Zeeland.","breadcrumb":{"@id":"https:\/\/www.touristshopyerseke.nl\/de\/agenda\/koenigstag-yerseke-2\/#breadcrumb"},"inLanguage":"de","potentialAction":[{"@type":"ReadAction","target":["https:\/\/www.touristshopyerseke.nl\/de\/agenda\/koenigstag-yerseke-2\/"]}]},{"@type":"ImageObject","inLanguage":"de","@id":"https:\/\/www.touristshopyerseke.nl\/de\/agenda\/koenigstag-yerseke-2\/#primaryimage","url":"https:\/\/www.touristshopyerseke.nl\/wp-content\/uploads\/2026\/03\/koningsdag.jpg","contentUrl":"https:\/\/www.touristshopyerseke.nl\/wp-content\/uploads\/2026\/03\/koningsdag.jpg","width":1920,"height":1440,"caption":"Koningsdag Yerseke 2026"},{"@type":"BreadcrumbList","@id":"https:\/\/www.touristshopyerseke.nl\/de\/agenda\/koenigstag-yerseke-2\/#breadcrumb","itemListElement":[{"@type":"ListItem","position":1,"name":"Home","item":"https:\/\/www.touristshopyerseke.nl\/de\/"},{"@type":"ListItem","position":2,"name":"Veranstaltungen","item":"https:\/\/www.touristshopyerseke.nl\/de\/agenda\/"},{"@type":"ListItem","position":3,"name":"K\u00f6nigstag Yerseke"}]},{"@type":"WebSite","@id":"https:\/\/www.touristshopyerseke.nl\/de\/#website","url":"https:\/\/www.touristshopyerseke.nl\/de\/","name":"Tourist Shop Yerseke","description":"","potentialAction":[{"@type":"SearchAction","target":{"@type":"EntryPoint","urlTemplate":"https:\/\/www.touristshopyerseke.nl\/de\/?s={search_term_string}"},"query-input":{"@type":"PropertyValueSpecification","valueRequired":true,"valueName":"search_term_string"}}],"inLanguage":"de"}]}},"_links":{"self":[{"href":"https:\/\/www.touristshopyerseke.nl\/de\/wp-json\/wp\/v2\/mec-events\/125410","targetHints":{"allow":["GET"]}}],"collection":[{"href":"https:\/\/www.touristshopyerseke.nl\/de\/wp-json\/wp\/v2\/mec-events"}],"about":[{"href":"https:\/\/www.touristshopyerseke.nl\/de\/wp-json\/wp\/v2\/types\/mec-events"}],"author":[{"embeddable":true,"href":"https:\/\/www.touristshopyerseke.nl\/de\/wp-json\/wp\/v2\/users\/5"}],"replies":[{"embeddable":true,"href":"https:\/\/www.touristshopyerseke.nl\/de\/wp-json\/wp\/v2\/comments?post=125410"}],"wp:featuredmedia":[{"embeddable":true,"href":"https:\/\/www.touristshopyerseke.nl\/de\/wp-json\/wp\/v2\/media\/125409"}],"wp:attachment":[{"href":"https:\/\/www.touristshopyerseke.nl\/de\/wp-json\/wp\/v2\/media?parent=125410"}],"wp:term":[{"taxonomy":"post_tag","embeddable":true,"href":"https:\/\/www.touristshopyerseke.nl\/de\/wp-json\/wp\/v2\/tags?post=125410"},{"taxonomy":"mec_category","embeddable":true,"href":"https:\/\/www.touristshopyerseke.nl\/de\/wp-json\/wp\/v2\/mec_category?post=125410"}],"curies":[{"name":"wp","href":"https:\/\/api.w.org\/{rel}","templated":true}]}}